{"id":831,"date":"2022-12-20T11:47:24","date_gmt":"2022-12-20T09:47:24","guid":{"rendered":"https:\/\/edugraal.eu\/partenaires\/"},"modified":"2023-04-05T10:41:32","modified_gmt":"2023-04-05T08:41:32","slug":"partenaires","status":"publish","type":"page","link":"https:\/\/edugraal.eu\/fr\/partenaires\/","title":{"rendered":"Partenaires"},"content":{"rendered":"<p>[et_pb_section fb_built=&#8221;1&#8243; _builder_version=&#8221;4.19.4&#8243; _module_preset=&#8221;default&#8221; background_image=&#8221;https:\/\/edugraal.eu\/wp-content\/uploads\/2023\/03\/headerBG.png&#8221; background_position=&#8221;bottom_center&#8221; background_vertical_offset=&#8221;0%&#8221; height=&#8221;150px&#8221; custom_padding=&#8221;0px||0px||false|false&#8221; locked=&#8221;off&#8221; global_colors_info=&#8221;{}&#8221;][\/et_pb_section][et_pb_section fb_built=&#8221;1&#8243; _builder_version=&#8221;4.19.4&#8243; _module_preset=&#8221;default&#8221; custom_padding=&#8221;10px||10px||false|false&#8221; locked=&#8221;off&#8221; global_colors_info=&#8221;{}&#8221;][et_pb_row _builder_version=&#8221;4.19.4&#8243; _module_preset=&#8221;default&#8221; global_colors_info=&#8221;{}&#8221;][et_pb_column type=&#8221;4_4&#8243; _builder_version=&#8221;4.19.4&#8243; _module_preset=&#8221;default&#8221; global_colors_info=&#8221;{}&#8221;][et_pb_text _builder_version=&#8221;4.19.4&#8243; _module_preset=&#8221;20cc6843-f2a2-4bb1-884f-c0ad8ab929d9&#8243; header_text_align=&#8221;center&#8221; max_width=&#8221;800px&#8221; module_alignment=&#8221;center&#8221; global_colors_info=&#8221;{}&#8221;]<\/p>\n<h1 style=\"text-align: center;\"><span>Partenaires<\/span><\/h1>\n<p>[\/et_pb_text][\/et_pb_column][\/et_pb_row][et_pb_row column_structure=&#8221;1_3,1_3,1_3&#8243; _builder_version=&#8221;4.19.4&#8243; _module_preset=&#8221;default&#8221; global_colors_info=&#8221;{}&#8221;][et_pb_column type=&#8221;1_3&#8243; _builder_version=&#8221;4.19.4&#8243; _module_preset=&#8221;default&#8221; global_colors_info=&#8221;{}&#8221;][et_pb_blurb title=&#8221;Les Apprimeurs&#8221; url_new_window=&#8221;on&#8221; image=&#8221;https:\/\/edugraal.eu\/wp-content\/uploads\/2023\/02\/Logo_Apprimeurs_bleu.png&#8221; _builder_version=&#8221;4.19.4&#8243; _module_preset=&#8221;1d025102-1481-45ff-b094-1f7f0318df63&#8243; link_option_url_new_window=&#8221;on&#8221; global_colors_info=&#8221;{}&#8221;]<\/p>\n<p style=\"text-align: center;\"><strong>France<\/strong><\/p>\n<p>Les Apprimeurs est une entreprise fran\u00e7aise sp\u00e9cialis\u00e9e dans la cr\u00e9ation de solutions num\u00e9riques sur mesure pour les secteurs de l&#8217;\u00e9ducation, de la culture et de la formation. Ils travaillent \u00e0 la promotion des comp\u00e9tences de base, des comp\u00e9tences non techniques et \u00e0 l&#8217;acc\u00e8s au savoir pour tous par le biais de formations, d&#8217;ateliers, d&#8217;ebooks interactifs et de d\u00e9veloppement de plateformes.<\/p>\n<p>[\/et_pb_blurb][et_pb_button button_url=&#8221;https:\/\/lesapprimeurs.com\/&#8221; url_new_window=&#8221;on&#8221; button_text=&#8221;SITE WEB&#8221; _builder_version=&#8221;4.19.4&#8243; _module_preset=&#8221;723d8466-f149-4185-a947-b6f6f6f5a7ea&#8221; hover_enabled=&#8221;0&#8243; global_colors_info=&#8221;{}&#8221; sticky_enabled=&#8221;0&#8243;][\/et_pb_button][\/et_pb_column][et_pb_column type=&#8221;1_3&#8243; _builder_version=&#8221;4.19.4&#8243; _module_preset=&#8221;default&#8221; global_colors_info=&#8221;{}&#8221;][et_pb_blurb title=&#8221;Logopsycom&#8221; url_new_window=&#8221;on&#8221; image=&#8221;https:\/\/edugraal.eu\/wp-content\/uploads\/2023\/03\/logopsycom.png&#8221; alt=&#8221;Logopsycom&#8221; _builder_version=&#8221;4.19.4&#8243; _module_preset=&#8221;1d025102-1481-45ff-b094-1f7f0318df63&#8243; link_option_url_new_window=&#8221;on&#8221; global_colors_info=&#8221;{}&#8221;]<\/p>\n<p style=\"text-align: center;\"><strong>Belgique<\/strong><\/p>\n<p>Logopsycom est un centre d&#8217;innovation p\u00e9dagogique qui cr\u00e9e et utilise des m\u00e9thodes et outils alternatifs (num\u00e9riques ou pas) visant \u00e0 accompaner les \u00e9coles, les centres d&#8217;EFP, les organismes de formation, les jeunes et les parents.<br \/>\u00c0 l&#8217;origine, Logopsycom \u00e9tait une compagnie de soins sp\u00e9cialis\u00e9e dans les troubles de l&#8217;apprentissage chez les jeunes, comme les troubles &#8220;dys&#8221; (dyspraxie, dysphasie, dyslexie, etc.), aussi appel\u00e9es Troubles Sp\u00e9cifiques de l&#8217;Apprentissage (TSA). Ils travaillent toujours sur des th\u00e9matiques li\u00e9es \u00e0 l&#8217;inclusion et l&#8217;accessibilit\u00e9 du contenu.<br \/>Ils travaillent en ce moment sur plus de 30 projets Erasmus+ KA2 englobant diff\u00e9rents sujets : inclusion, engagement, handicaps et sensibilisation aux troubles de l&#8217;apprentissage, chatbots, STEAM, etc.<\/p>\n<p>[\/et_pb_blurb][et_pb_button button_url=&#8221;https:\/\/logopsycom.com\/&#8221; url_new_window=&#8221;on&#8221; button_text=&#8221;SITE WEB&#8221; _builder_version=&#8221;4.19.4&#8243; _module_preset=&#8221;723d8466-f149-4185-a947-b6f6f6f5a7ea&#8221; hover_enabled=&#8221;0&#8243; global_colors_info=&#8221;{}&#8221; sticky_enabled=&#8221;0&#8243;][\/et_pb_button][\/et_pb_column][et_pb_column type=&#8221;1_3&#8243; _builder_version=&#8221;4.19.4&#8243; _module_preset=&#8221;default&#8221; global_colors_info=&#8221;{}&#8221;][et_pb_blurb title=&#8221;Colegiul National \u00abK\u00f6lcsey Ferenc\u00bb&#8221; url_new_window=&#8221;on&#8221; image=&#8221;https:\/\/edugraal.eu\/wp-content\/uploads\/2023\/02\/logo_kolcsey.png&#8221; _builder_version=&#8221;4.19.4&#8243; _module_preset=&#8221;1d025102-1481-45ff-b094-1f7f0318df63&#8243; link_option_url_new_window=&#8221;on&#8221; global_colors_info=&#8221;{}&#8221;]<\/p>\n<p style=\"text-align: center;\"><strong>Roumanie<\/strong><\/p>\n<p>Le Colegiul National &#8220;K\u00f6lcsey Ferenc&#8221; Satu Mare, en Roumanie, est une \u00e9cole pour la minorit\u00e9 hongroise. Elle vise \u00e0 donner \u00e0 ses \u00e9l\u00e8ves l&#8217;opportunit\u00e9 de recevoir une \u00e9ducation dans leur langue maternelle et dans l&#8217;esprit de la culture hongroise, tout en mettant l&#8217;accent sur la culture roumaine par la m\u00eame occasion.<br \/>Ils enseignent \u00e0 des \u00e9tudiants \u00e2g\u00e9s entre 3 et 19 ans, de la maternelle \u00e0 l&#8217;enseignement sup\u00e9rieur.<br \/>Ils sont fiers d&#8217;\u00eatre l&#8217;une des \u00e9coles les plus performantes et les plus innovantes de la r\u00e9gion qui allie tradition et modernit\u00e9, respecte le programme tout en restant ouverte d&#8217;esprit et offre une \u00e9ducation qui permette aux \u00e9l\u00e8ves d&#8217;\u00eatre pr\u00eats \u00e0 relever des d\u00e9fis. Ils pr\u00e9parent leurs \u00e9l\u00e8ves \u00e0 l&#8217;examen de fin d&#8217;\u00e9tudes et \u00e0 l&#8217;apprentissage tout au long de la vie.<br \/>Ce profil d&#8217;\u00e9cole secondaire se distingue par l&#8217;enseignement des math\u00e9matiques, de l&#8217;informatique, de la biologie, des langues (anglais, allemand et fran\u00e7ais) et des sciences sociales.<\/p>\n<p>[\/et_pb_blurb][et_pb_button button_url=&#8221;http:\/\/www.kolcsey.ro\/&#8221; url_new_window=&#8221;on&#8221; button_text=&#8221;SITE WEB&#8221; _builder_version=&#8221;4.19.4&#8243; _module_preset=&#8221;723d8466-f149-4185-a947-b6f6f6f5a7ea&#8221; hover_enabled=&#8221;0&#8243; global_colors_info=&#8221;{}&#8221; sticky_enabled=&#8221;0&#8243;][\/et_pb_button][\/et_pb_column][\/et_pb_row][et_pb_row column_structure=&#8221;1_3,1_3,1_3&#8243; _builder_version=&#8221;4.19.4&#8243; _module_preset=&#8221;default&#8221; global_colors_info=&#8221;{}&#8221;][et_pb_column type=&#8221;1_3&#8243; _builder_version=&#8221;4.19.4&#8243; _module_preset=&#8221;default&#8221; global_colors_info=&#8221;{}&#8221;][et_pb_blurb title=&#8221;3e lyc\u00e9e de Larissa&#8221; url_new_window=&#8221;on&#8221; image=&#8221;https:\/\/edugraal.eu\/wp-content\/uploads\/2023\/02\/logo-3rd-Gynnasium.png&#8221; _builder_version=&#8221;4.19.4&#8243; _module_preset=&#8221;1d025102-1481-45ff-b094-1f7f0318df63&#8243; link_option_url_new_window=&#8221;on&#8221; global_colors_info=&#8221;{}&#8221;]<\/p>\n<p style=\"text-align: center;\"><strong>Gr\u00e8ce<\/strong><\/p>\n<p>Le 3e lyc\u00e9e de Larissa est un \u00e9tablissement secondaire qui accueille 350 \u00e9l\u00e8ves \u00e2g\u00e9s de 12 \u00e0 15 ans ainsi que 35 enseignants. Le coll\u00e8ge est obligatoire et les \u00e9l\u00e8ves y \u00e9tudient les math\u00e9matiques, les sciences, la chimie, la biologie, la litt\u00e9rature grecque classique et moderne, l&#8217;histoire, la g\u00e9ographie, l&#8217;\u00e9ducation civique, la technologie alimentaire, l&#8217;art, la musique, l&#8217;\u00e9ducation physique, l&#8217;\u00e9ducation aux TIC, l&#8217;anglais, le fran\u00e7ais, et l&#8217;allemand. Les enfants des camps de r\u00e9fugi\u00e9s alentours assistent aux cours du soir de math\u00e9matiques, grec et anglais.<br \/>Les \u00e9l\u00e8ves y apprennent deux langues \u00e9trang\u00e8reset certain d&#8217;entre eux passent des examins pour certifier leur niveau A2 en fran\u00e7ais. Ils engrangent aussi des comp\u00e9tences num\u00e9riques de base. Additionnellement, des programmes d&#8217;\u00e9ducation culturels, environnementaux et sanitaires ainsi que les programmes Erasmus+ ont \u00e9t\u00e9 mis en place aux niveaux local, r\u00e9gional et Europ\u00e9en. En plus de cela, des projets, lectures et ateliers sont organis\u00e9s tout au long de l&#8217;ann\u00e9e par les enseignants et les experts des organisations avec lesquels l&#8217;\u00e9cole collabore.<\/p>\n<p>[\/et_pb_blurb][et_pb_button button_url=&#8221;https:\/\/3gymlar.com\/&#8221; url_new_window=&#8221;on&#8221; button_text=&#8221;SITE WEB&#8221; _builder_version=&#8221;4.19.4&#8243; _module_preset=&#8221;723d8466-f149-4185-a947-b6f6f6f5a7ea&#8221; hover_enabled=&#8221;0&#8243; global_colors_info=&#8221;{}&#8221; sticky_enabled=&#8221;0&#8243;][\/et_pb_button][\/et_pb_column][et_pb_column type=&#8221;1_3&#8243; _builder_version=&#8221;4.19.4&#8243; _module_preset=&#8221;default&#8221; global_colors_info=&#8221;{}&#8221;][et_pb_blurb title=&#8221;Work in progress&#8221; url_new_window=&#8221;on&#8221; image=&#8221;https:\/\/edugraal.eu\/wp-content\/uploads\/2023\/02\/MISTERY-TOUR_LOGO.jpg&#8221; _builder_version=&#8221;4.19.4&#8243; _module_preset=&#8221;1d025102-1481-45ff-b094-1f7f0318df63&#8243; link_option_url_new_window=&#8221;on&#8221; global_colors_info=&#8221;{}&#8221;]<\/p>\n<p style=\"text-align: center;\"><strong>Italie<\/strong><\/p>\n<p>Work in Progress s&#8217;occupe de plannifications d&#8217;exp\u00e9riences et de la mise en valeur du territoire. Sa mission est de concevoir et cr\u00e9er des exp\u00e9riences culturelles interractives proposant une nouvelle fa\u00e7on de valoriser et d&#8217;appr\u00e9cier le patrimoine culturel, en particulier dans le cas de DESTINATIONS TOURISTIQUES M\u00c9CONNUES.<br \/>De plus, cette entreprise con\u00e7oit et impl\u00e9mente des FORMATS rendant le public PROTAGONISTE d&#8217;EXPR\u00c9RIENCES engageantes, interractives et immersives, en utilisant la gamification pour promouvoir le TERRITOIRE et ses ressources.<\/p>\n<p>[\/et_pb_blurb][et_pb_button button_url=&#8221;https:\/\/www.misterytour.it\/en\/&#8221; url_new_window=&#8221;on&#8221; button_text=&#8221;SITE WEB&#8221; _builder_version=&#8221;4.19.4&#8243; _module_preset=&#8221;723d8466-f149-4185-a947-b6f6f6f5a7ea&#8221; hover_enabled=&#8221;0&#8243; global_colors_info=&#8221;{}&#8221; sticky_enabled=&#8221;0&#8243;][\/et_pb_button][\/et_pb_column][et_pb_column type=&#8221;1_3&#8243; _builder_version=&#8221;4.19.4&#8243; _module_preset=&#8221;default&#8221; global_colors_info=&#8221;{}&#8221;][et_pb_blurb title=&#8221;Colegio S\u00e9neca SCA&#8221; url_new_window=&#8221;on&#8221; image=&#8221;https:\/\/edugraal.eu\/wp-content\/uploads\/2023\/02\/Colegio-Seneca.png&#8221; _builder_version=&#8221;4.19.4&#8243; _module_preset=&#8221;1d025102-1481-45ff-b094-1f7f0318df63&#8243; link_option_url_new_window=&#8221;on&#8221; global_colors_info=&#8221;{}&#8221;]<\/p>\n<p style=\"text-align: center;\"><strong>Espagne<\/strong><\/p>\n<p>Les \u00e9l\u00e8ves commencent leur \u00e9ducation \u00e0 S\u00e9n\u00e9ca \u00e0 l&#8217;\u00e2ge de trois ans et termine leur scolarit\u00e9 obligatoire \u00e0 l&#8217;\u00e2ge de 16 ans. Ceci ajout\u00e9 aux multiples activit\u00e9s et programmes auxquels ils participent, donnent une impression tr\u00e8s forte aux \u00e9tudiants que l&#8217;\u00e9cole est la leur. L&#8217;\u00e9cole offre une \u00e9ducation bilingue de la maternelle au secondaire.<br \/>Elle fait partie du r\u00e9seau Eco-Schools et a \u00e9t\u00e9 r\u00e9compens\u00e9e deux fois avec le DRAPEAU VERT, un programme international. Le sport est un \u00e9l\u00e9ment majeur de cette \u00e9cole qui poss\u00e8de un club de sport, DECORS\u00c9NECA, avec un programme extensif d&#8217;activit\u00e9s hors programme. L&#8217;\u00e9cole consid\u00e8re qu&#8217;il est d&#8217;une importance vitale de travailler en coop\u00e9ration, afin d&#8217;\u00e9tablir des contacts entre les diff\u00e9rents niveaux d&#8217;\u00e9ducation et continuer \u00e0 innover dans son travail p\u00e9dagogique grace \u00e0 l&#8217;utilisation de diff\u00e9rentes ressources.<\/p>\n<p>[\/et_pb_blurb][et_pb_button button_url=&#8221;https:\/\/colegioseneca.es\/&#8221; url_new_window=&#8221;on&#8221; button_text=&#8221;SITE WEB&#8221; _builder_version=&#8221;4.19.4&#8243; _module_preset=&#8221;723d8466-f149-4185-a947-b6f6f6f5a7ea&#8221; hover_enabled=&#8221;0&#8243; global_colors_info=&#8221;{}&#8221; sticky_enabled=&#8221;0&#8243;][\/et_pb_button][\/et_pb_column][\/et_pb_row][\/et_pb_section]<\/p>\n","protected":false},"excerpt":{"rendered":"<p>PartenairesFrance Les Apprimeurs est une entreprise fran\u00e7aise sp\u00e9cialis\u00e9e dans la cr\u00e9ation de solutions num\u00e9riques sur mesure pour les secteurs de l&#8217;\u00e9ducation, de la culture et de la formation. Ils travaillent \u00e0 la promotion des comp\u00e9tences de base, des comp\u00e9tences non techniques et \u00e0 l&#8217;acc\u00e8s au savoir pour tous par le biais de formations, d&#8217;ateliers, d&#8217;ebooks [&hellip;]<\/p>\n","protected":false},"author":1,"featured_media":0,"parent":0,"menu_order":0,"comment_status":"closed","ping_status":"closed","template":"","meta":{"_acf_changed":false,"_et_pb_use_builder":"on","_et_pb_old_content":"","_et_gb_content_width":"","footnotes":""},"acf":[],"_links":{"self":[{"href":"https:\/\/edugraal.eu\/fr\/wp-json\/wp\/v2\/pages\/831"}],"collection":[{"href":"https:\/\/edugraal.eu\/fr\/wp-json\/wp\/v2\/pages"}],"about":[{"href":"https:\/\/edugraal.eu\/fr\/wp-json\/wp\/v2\/types\/page"}],"author":[{"embeddable":true,"href":"https:\/\/edugraal.eu\/fr\/wp-json\/wp\/v2\/users\/1"}],"replies":[{"embeddable":true,"href":"https:\/\/edugraal.eu\/fr\/wp-json\/wp\/v2\/comments?post=831"}],"version-history":[{"count":12,"href":"https:\/\/edugraal.eu\/fr\/wp-json\/wp\/v2\/pages\/831\/revisions"}],"predecessor-version":[{"id":916,"href":"https:\/\/edugraal.eu\/fr\/wp-json\/wp\/v2\/pages\/831\/revisions\/916"}],"wp:attachment":[{"href":"https:\/\/edugraal.eu\/fr\/wp-json\/wp\/v2\/media?parent=831"}],"curies":[{"name":"wp","href":"https:\/\/api.w.org\/{rel}","templated":true}]}}